{"id":2440,"date":"2022-07-20T11:56:50","date_gmt":"2022-07-20T11:56:50","guid":{"rendered":"https:\/\/www.112canarias.com\/112\/?page_id=2440"},"modified":"2024-12-11T10:53:37","modified_gmt":"2024-12-11T10:53:37","slug":"actos-conmemorativos-y-aniversarios","status":"publish","type":"page","link":"https:\/\/www.112canarias.com\/112\/actos-conmemorativos-y-aniversarios\/","title":{"rendered":"Aniversarios"},"content":{"rendered":"<p>[vc_row css_animation=\u00bb\u00bb row_type=\u00bbrow\u00bb use_row_as_full_screen_section=\u00bbno\u00bb type=\u00bbfull_width\u00bb angled_section=\u00bbno\u00bb text_align=\u00bbleft\u00bb background_image_as_pattern=\u00bbwithout_pattern\u00bb][vc_column][vc_empty_space][vc_column_text]<\/p>\n<h1 style=\"text-align: center;\"><strong>25 Aniversario 112 Canarias<\/strong><\/h1>\n<h2 style=\"text-align: center;\">1998 &#8211; 2023<\/h2>\n<p>[\/vc_column_text][vc_empty_space][vc_column_text]<\/p>\n<h2><strong>El 112 Canarias cumple 25 a\u00f1os con m\u00e1s de once millones de personas atendidas<\/strong><\/h2>\n<p>[\/vc_column_text][vc_empty_space][vc_column_text]El Centro Coordinador de Emergencias y Seguridad (CECOES) 112 del Gobierno de Canarias cumple 25 a\u00f1os de su puesta en marcha con m\u00e1s de once millones de personas atendidas. En este periodo, el 112 Canarias ha dado respuesta a las demandas de ayuda de residentes y turistas en cualquier punto del archipi\u00e9lago marcando un \u00fanico n\u00famero de tel\u00e9fono, que es atendido en diferentes idiomas, de forma ininterrumpida, los 365 d\u00edas.<\/p>\n<p>Para celebrar esta efem\u00e9ride se celebr\u00f3 hoy un acto institucional en Presidencia del Gobierno en Santa Cruz de Tenerife, en el que se rindi\u00f3 un homenaje al personal que lleva desde 1998 trabajando en la empresa p\u00fablica Gesti\u00f3n de Servicios para la Salud y Seguridad en Canarias (GSC), que cont\u00f3 con la participaci\u00f3n del vicepresidente del Gobierno, Rom\u00e1n Rodr\u00edguez y el consejero de Administraciones P\u00fablicas, Justicia y Seguridad, Julio P\u00e9rez. Tambi\u00e9n estuvieron presentes en la entrega la vicepresidenta de Administraciones P\u00fablicas y Transparencia, Alicia \u00c1lvarez y el director general de Seguridad y Emergencias, Gustavo de Armas.<\/p>\n<p>El vicepresidente del Gobierno de Canarias, Rom\u00e1n Rodr\u00edguez, impulsor de este servicio de emergencia y fundador de GSC, destac\u00f3 en su intervenci\u00f3n que el 112 ha demostrado lo m\u00e1s importante de un servicio p\u00fablico: ser eficaz, resolver problemas, satisfacer demandas y ser apreciado por la gente. Rom\u00e1n Rodr\u00edguez afirm\u00f3 que el CECOES 112 tiene el reconocimiento de la inmensa mayor\u00eda de la poblaci\u00f3n porque ofrece una respuesta profesional, operativa y sentida, en los momentos cr\u00edticos y en situaciones extremas.<\/p>\n<p>Por su parte, el consejero de Administraciones P\u00fablicas, Justicia y Seguridad, Julio P\u00e9rez, tras excusar las ausencias del presidente del Gobierno de Canarias y el consejero de Sanidad del acto, mostr\u00f3 su satisfacci\u00f3n por el 25 Aniversario del 112, una organizaci\u00f3n con la que las circunstancias vividas en estos cuatro a\u00f1os le han llevado a tener cierta intimidad y a conocer m\u00e1s de cerca. En este sentido, resalt\u00f3 que el Gobierno canario debe corresponder con el mismo grado de intensidad y responsabilidad con la que desarrollan su labor los trabajadores del 112 e indic\u00f3 que tanto como consejero, pero tambi\u00e9n como integrante del 112, a lo largo de esta legislatura ha intentado corresponder a esa entrega y dedicaci\u00f3n mejorando sus capacidades.<\/p>\n<p>Julio P\u00e9rez felicit\u00f3 a quienes cumplen 25 a\u00f1os en el 112 y agradeci\u00f3 su compromiso. Un Estado se mide, ha dicho, por la seguridad que le otorga a sus ciudadanos y ciudadanas, algo que se requiere cotidianamente, y que legitima la existencia del propio Gobierno. El consejero subray\u00f3 el n\u00famero de personas atendidas diariamente y enumer\u00f3 algunos de los proyectos que ahora mismo est\u00e1n en marcha, como los edificios esenciales, para adaptar las prestaciones a las transformaciones que registra la sociedad de las islas.[\/vc_column_text][vc_empty_space][\/vc_column][\/vc_row][vc_row css_animation=\u00bb\u00bb row_type=\u00bbrow\u00bb use_row_as_full_screen_section=\u00bbno\u00bb type=\u00bbfull_width\u00bb angled_section=\u00bbno\u00bb text_align=\u00bbleft\u00bb background_image_as_pattern=\u00bbwithout_pattern\u00bb][vc_column][vc_gallery type=\u00bbnivo\u00bb interval=\u00bb3&#8243; images=\u00bb3883,3884,3885,3886,3887,3888,3889,3890,3891,3892,3893,3894,3895,3896,3897,3898,3899,3900&#8243; img_size=\u00bb200&#215;100&#8243;][vc_column_text][\/vc_column_text][\/vc_column][\/vc_row][vc_row css_animation=\u00bb\u00bb row_type=\u00bbrow\u00bb use_row_as_full_screen_section=\u00bbno\u00bb type=\u00bbfull_width\u00bb angled_section=\u00bbno\u00bb text_align=\u00bbleft\u00bb background_image_as_pattern=\u00bbwithout_pattern\u00bb][vc_column][vc_column_text]El 1-1-2 del Gobierno de Canarias ha multiplicado por cuatro la media de personas atendidas desde que se puso en marcha en 1998, pasando de 352 a 1.500 al d\u00eda, con una media mensual que supera las 43.00 personas. Estas cifras confirman la confianza depositada por la poblaci\u00f3n en este servicio de emergencias, que presta la ayuda necesaria en situaciones relacionadas con urgencias sanitarias, de seguridad, extinci\u00f3n, salvamento y rescate, accidentes y, tambi\u00e9n, a trav\u00e9s del servicio de atenci\u00f3n a la mujer v\u00edctima de violencia.<\/p>\n<p>De esta manera, en estos 25 a\u00f1os de servicio, se ha prestado asistencia a m\u00e1s de 11 millones de personas, de las que cerca de cuatro millones se encontraban en una situaci\u00f3n de emergencia vital.<\/p>\n<p>Las peticiones de ayuda por parte de los ciudadanos en los 25 a\u00f1os de funcionamiento del 1-1-2 Canarias superan los 20 millones. Un 43% de las mismas fueron resueltas desde el propio Centro Coordinador, sin la necesidad de movilizar recursos de emergencias, mientras que el 56%, once millones y medio, se gestionaron como incidentes.<\/p>\n<p>Por sectores, los incidentes de car\u00e1cter sanitario han superado los seis millones y los relacionados con la seguridad los tres millones y medio. En menor medida se registraron los servicios clasificados por el sector de extinci\u00f3n y rescate que superaron los 934.000, los accidentes, ya sea de tr\u00e1fico o de otro tipo, con m\u00e1s de 950.000 y los referidos a Salvamento Mar\u00edtimo que aglutinaron alrededor de 22.600.<\/p>\n<p>Por su parte, el director del 1-1-2, Mois\u00e9s S\u00e1nchez, se\u00f1al\u00f3 que en estos 25 a\u00f1os los ciudadanos de Canarias han podido acceder a todos los servicios de emergencia utilizando un \u00fanico n\u00famero, el 1-1-2, y ahora, tienen que poder seguir haci\u00e9ndolo en el mundo digital, que sea accesible para todas las personas y que contemple las distintas capacidades. En este sentido apunt\u00f3 a la gesti\u00f3n de las comunicaciones, la localizaci\u00f3n del alertante, y la disponibilidad de diferentes medios de acceso al servicio de emergencias ser\u00e1n elementos imprescindibles para lograr una asistencia adecuada.<\/p>\n<p>La directora t\u00e9cnica de la Asociaci\u00f3n Europea de N\u00famero de Emergencias (EENA), Cristina Lumbreras, intervino desde Bruselas para plantear el futuro de las comunicaciones de emergencias desde la perspectiva europea. Lumbreras resalt\u00f3 que los pa\u00edses miembros de la Uni\u00f3n Europea tienen obligaci\u00f3n de posibilitar el acceso equivalente a los servicios de emergencia para personas con discapacidad, de presentar un plan de migraci\u00f3n a comunicaciones basadas en IP y de establecer criterios para la ubicaci\u00f3n del llamante, entre otros puntos.<\/p>\n<p>Por \u00faltimo, la jefa de Protecci\u00f3n Civil y Atenci\u00f3n de Emergencias del Gobierno de Canarias, Montserrat Rom\u00e1n reflexion\u00f3 sobre d\u00f3nde est\u00e1bamos hace 25 a\u00f1os, d\u00f3nde estamos ahora y los retos de futuro. Montserrat Rom\u00e1n resalt\u00f3 la importancia de la definici\u00f3n de un modelo de Protecci\u00f3n Civil auton\u00f3mico que garantice la gesti\u00f3n unificada de los accidentes y las emergencias colectivas, tanto en la fase preventiva, como en la respuesta inmediata, con el 1-1-2 como referencia para la poblaci\u00f3n.[\/vc_column_text][vc_empty_space][\/vc_column][\/vc_row][vc_row css_animation=\u00bb\u00bb row_type=\u00bbrow\u00bb use_row_as_full_screen_section=\u00bbno\u00bb type=\u00bbfull_width\u00bb angled_section=\u00bbno\u00bb text_align=\u00bbleft\u00bb background_image_as_pattern=\u00bbwithout_pattern\u00bb][vc_column][vc_video link=\u00bbhttps:\/\/www.youtube.com\/watch?v=qCl1piOKJug&amp;t=57s\u00bb][\/vc_column][\/vc_row][vc_row css_animation=\u00bb\u00bb row_type=\u00bbrow\u00bb use_row_as_full_screen_section=\u00bbno\u00bb type=\u00bbfull_width\u00bb angled_section=\u00bbno\u00bb text_align=\u00bbleft\u00bb background_image_as_pattern=\u00bbwithout_pattern\u00bb][vc_column][vc_empty_space][vc_column_text]<\/p>\n<h1 style=\"text-align: center;\"><strong>20 Aniversario 1-1-2 Canarias<\/strong><\/h1>\n<h2 style=\"text-align: center;\">1998 &#8211; 2018<\/h2>\n<p>[\/vc_column_text][vc_empty_space][vc_column_text]<\/p>\n<h2><strong>El 1-1-2 Canarias distingue a los servicios de emergencias en la celebraci\u00f3n de su 20 aniversario<\/strong><\/h2>\n<p>[\/vc_column_text][vc_empty_space][vc_column_text]El Centro Coordinador de Emergencias y Seguridad (CECOES) 1-1-2, dependiente de la Consejer\u00eda de Pol\u00edtica Territorial, Sostenibilidad y Seguridad del Gobierno de Canarias, cumpli\u00f3 el 30 de mayo de 2018, D\u00eda de Canarias, veinte a\u00f1os de funcionamiento.<\/p>\n<p>Durante este tiempo atendi\u00f3 a 8.148.585 personas, de las cuales casi tres millones se encontraban en una situaci\u00f3n de emergencia vital, y triplic\u00f3 su actividad, hasta coordinar una media de 1.472 incidentes diarios.<\/p>\n<p>Para conmemorar estas dos d\u00e9cadas, en las que se ha consolidado como un servicio p\u00fablico imprescindible para los canarios y los turistas que visitan las islas cada a\u00f1o, el 1-1-2 Canarias otorg\u00f3 una serie de distinciones a los responsables de los diferentes servicios de emergencias que hacen posible, cada d\u00eda, el Centro Coordinador. La entrega de estas distinciones tuvo lugar, durante la celebraci\u00f3n de un Acto Institucional, el 15 de junio, en Presidencia del Gobierno en Santa Cruz de Tenerife.<\/p>\n<p>Adem\u00e1s, en este marco conmemorativo se celebr\u00f3 el Foro de Directores de los centros de emergencias 1-1-2 de Espa\u00f1a que tiene como objetivo intercambiar experiencias en la gesti\u00f3n de la emergencia, compartir distintos modelos de coordinaci\u00f3n y definir las l\u00edneas de futuro en este campo. Para ello, se desplazaron a Canarias los directores de los centros de emergencias 1-1-2 del territorio espa\u00f1ol.<\/p>\n<p>Asimismo, complet\u00f3 este programa de actos conmemorativos, la celebraci\u00f3n de la VI edici\u00f3n de las Jornadas sobre Tecnolog\u00eda y Nuevas Emergencias, que bajo el t\u00edtulo \u201c20 a\u00f1os de historia y una mirada al futuro\u201d, convirti\u00f3 a las Islas, el 14 de junio, en el punto de encuentro de expertos nacionales e internacionales sobre innovaci\u00f3n y nuevos retos en la gesti\u00f3n de las emergencias.<\/p>\n<p><a href=\"https:\/\/www.112canarias.com\/112\/wp-content\/uploads\/2023\/04\/140618-NP-Jornada-Tecnologia-y-Nuevas-Emergencias.pdf\" target=\"_blank\" rel=\"noopener\"><strong>14\/06\/2018<\/strong><\/a> <a href=\"https:\/\/www.112canarias.com\/112\/wp-content\/uploads\/2023\/04\/140618-NP-Jornada-Tecnologia-y-Nuevas-Emergencias.pdf\" target=\"_blank\" rel=\"noopener\"><strong>Jornada Tecnolog\u00eda y Nuevas Emergencias<\/strong><\/a><\/p>\n<p><strong><a href=\"https:\/\/www.112canarias.com\/112\/wp-content\/uploads\/2023\/04\/150618-NP-Acto-Institucional-20-aniversario-1-1-2-Canarias.pdf\" target=\"_blank\" rel=\"noopener\">15\/06\/2018 Acto institucional 20 aniversario 1-1-2 Canarias<\/a><\/strong><\/p>\n<p><a href=\"https:\/\/www.112canarias.com\/112\/wp-content\/uploads\/2023\/04\/160618-NP-Foro-Centros-de-Emergencias-1-1-2.pdf\" target=\"_blank\" rel=\"noopener\"><strong>16\/06\/2018 Foro de centros de emergencias 1-1-2<\/strong><\/a>[\/vc_column_text][vc_empty_space][\/vc_column][\/vc_row][vc_row css_animation=\u00bb\u00bb row_type=\u00bbrow\u00bb use_row_as_full_screen_section=\u00bbno\u00bb type=\u00bbfull_width\u00bb angled_section=\u00bbno\u00bb text_align=\u00bbleft\u00bb background_image_as_pattern=\u00bbwithout_pattern\u00bb][vc_column][vc_gallery type=\u00bbnivo\u00bb interval=\u00bb3&#8243; images=\u00bb3963,3964,3965,3956,3957,3958,3959,3960,3961,3962&#8243; img_size=\u00bb200&#215;100&#8243;][vc_column_text][\/vc_column_text][\/vc_column][\/vc_row]<\/p>\n<div class=\"print\"><span class=\"page_title\">P\u00e1gina: <span>Aniversarios<\/span><\/span>\n\t\t\t\t\t\t\t\t\t\t\t<span class=\"stmp_trans_date\">\u00daltima actualizaci\u00f3n: <span>11\/12\/2024 - 10:53:37<\/span><\/span>\n\t\t\t\t\t\t\t\t\t\t\t<span class=\"stmp_trans_date\">Fecha publicaci\u00f3n: <span>20\/07\/2022 - 11:56:50<\/span><\/span>\n\t\t\t\t\t\t\t\t\t\t\t<span class=\"stmp_trans_date\">Fecha creaci\u00f3n: <span>20\/07\/2022 - 11:56:50<\/span><\/span><\/div>","protected":false},"excerpt":{"rendered":"<p>[vc_row css_animation=\u00bb\u00bb row_type=\u00bbrow\u00bb use_row_as_full_screen_section=\u00bbno\u00bb type=\u00bbfull_width\u00bb angled_section=\u00bbno\u00bb text_align=\u00bbleft\u00bb background_image_as_pattern=\u00bbwithout_pattern\u00bb][vc_column][vc_empty_space][vc_column_text] 25 Aniversario 112 Canarias 1998 &#8211; 2023 [\/vc_column_text][vc_empty_space][vc_column_text] El 112 Canarias cumple 25 a\u00f1os con m\u00e1s de once millones de personas atendidas [\/vc_column_text][vc_empty_space][vc_column_text]El Centro Coordinador de Emergencias y Seguridad (CECOES) 112 del Gobierno de Canarias cumple 25&#8230;<\/p>\n","protected":false},"author":7,"featured_media":2445,"parent":0,"menu_order":0,"comment_status":"closed","ping_status":"closed","template":"","meta":{"footnotes":""},"class_list":["post-2440","page","type-page","status-publish","has-post-thumbnail","hentry"],"_links":{"self":[{"href":"https:\/\/www.112canarias.com\/112\/wp-json\/wp\/v2\/pages\/2440","targetHints":{"allow":["GET"]}}],"collection":[{"href":"https:\/\/www.112canarias.com\/112\/wp-json\/wp\/v2\/pages"}],"about":[{"href":"https:\/\/www.112canarias.com\/112\/wp-json\/wp\/v2\/types\/page"}],"author":[{"embeddable":true,"href":"https:\/\/www.112canarias.com\/112\/wp-json\/wp\/v2\/users\/7"}],"replies":[{"embeddable":true,"href":"https:\/\/www.112canarias.com\/112\/wp-json\/wp\/v2\/comments?post=2440"}],"version-history":[{"count":55,"href":"https:\/\/www.112canarias.com\/112\/wp-json\/wp\/v2\/pages\/2440\/revisions"}],"predecessor-version":[{"id":7952,"href":"https:\/\/www.112canarias.com\/112\/wp-json\/wp\/v2\/pages\/2440\/revisions\/7952"}],"wp:featuredmedia":[{"embeddable":true,"href":"https:\/\/www.112canarias.com\/112\/wp-json\/wp\/v2\/media\/2445"}],"wp:attachment":[{"href":"https:\/\/www.112canarias.com\/112\/wp-json\/wp\/v2\/media?parent=2440"}],"curies":[{"name":"wp","href":"https:\/\/api.w.org\/{rel}","templated":true}]}}